{"id":19226,"date":"2024-10-10T12:45:23","date_gmt":"2024-10-10T12:45:23","guid":{"rendered":"https:\/\/www.reteleelectrice.ro\/media\/comunicate-presa\/"},"modified":"2025-09-18T11:24:33","modified_gmt":"2025-09-18T11:24:33","slug":"press-releases","status":"publish","type":"page","link":"https:\/\/www.reteleelectrice.ro\/en\/media\/press-releases\/","title":{"rendered":"Press releases"},"content":{"rendered":"<body><section id=\"\" class=\"block-hero\">\n                    <div class=\"top-hero\">\n                <div class=\"left\">\n                                                                                    <h1 class=\"title-hero\">Press releases<\/h1>\n                                                                <div class=\"text-hero\"> Find the latest information about Re\u021bele Electrice Romania in our press releases.<\/div>\n                                                        <\/div>\n                        <div class=\"right\">\n                <img loading=\"lazy\" decoding=\"async\" width=\"920\" height=\"400\" src=\"https:\/\/www.reteleelectrice.ro\/wp-content\/uploads\/comunicate-de-presa_a29ae5.webp?w=920&amp;h=400&amp;crop=1\" class=\"attachment-hero size-hero\" alt=\"St\u00e2lp de \u00eenalt\u0103 tensiune vopsit \u00een ro\u0219u \u0219i alb, pe un fundal de cer albastru.\" srcset=\"https:\/\/www.reteleelectrice.ro\/wp-content\/uploads\/comunicate-de-presa_a29ae5.webp 920w, https:\/\/www.reteleelectrice.ro\/wp-content\/uploads\/comunicate-de-presa_a29ae5.webp?resize=300,130 300w, https:\/\/www.reteleelectrice.ro\/wp-content\/uploads\/comunicate-de-presa_a29ae5.webp?resize=768,334 768w, https:\/\/www.reteleelectrice.ro\/wp-content\/uploads\/comunicate-de-presa_a29ae5.webp?resize=152,66 152w\" sizes=\"auto, (max-width: 920px) 100vw, 920px\">                <style type=\"text\/css\">\n                    @media only screen and (max-width: 1200px) {\n                        .block-hero .top-hero .main-slide .right img {\n                            object-position:\n                                                            % 0%;\n                        }\n                    }\n                <\/style>\n            <\/div>\n        <\/div>\n    <\/section>\n\n\n<section id=\"\" class=\"block-breadcrumbs\">\n    <ul id=\"breadcrumbs\" itemprop=\"breadcrumb\" class=\"breadcrumbs\"><li><a rel=\"home\" href=\"https:\/\/www.reteleelectrice.ro\/en\/\"><\/a><\/li><\/ul><\/section>\n\n\n<section id=\"\" class=\"block-article-list\">\n    <form action=\"https:\/\/www.reteleelectrice.ro\/wp-admin\/admin-ajax.php\" method=\"POST\" id=\"ArticleListFilters\" class=\"article-list-filters\" enctype=\"multipart\/form-data\">\n        <input type=\"hidden\" name=\"action\" value=\"artile_list_filters\">\n        <input type=\"hidden\" name=\"type_list\" value=\"comunicat\">\n        <input type=\"hidden\" name=\"page_article\" value=\"https:\/\/www.reteleelectrice.ro\/en\/media\/press-releases\/\">\n        <div class=\"filter-wrapp\">\n            <div class=\"filter-toggle-sort\">\n                <div class=\"toggle-filters-articles global-button global-button-white\">\n                    <div class=\"filter-icon\"><\/div>\n                    <div class=\"text\">Filters<\/div>\n                <\/div>\n                <div class=\"custom-select-box white\">\n                    <select name=\"order_article\">\n                        <option value=\"DESC\">Descending<\/option>\n                        <option value=\"ASC\">Ascending<\/option>\n                    <\/select>\n                <\/div>\n            <\/div>\n            <div class=\"filters-hidden\">\n                <h3 class=\"filters-title\">Filters<\/h3>\n                <div class=\"filter-container\">\n                    <div class=\"filter-box-container\">\n                                                <div class=\"filter-box\">\n                            <div class=\"filter-title\">Attached document<\/div>\n                            <div class=\"custom-select-box white\">\n                                <select name=\"has_document\">\n                                    <option value=\"\">Select<\/option>\n                                    <option value=\"1\"> Yes<\/option>\n                                    <option value=\"0\">No<\/option>\n                                <\/select>\n                            <\/div>\n                        <\/div>\n                        <div class=\"filter-box\">\n                            <div class=\"filter-title\">Time period<\/div>\n                            <div class=\"date-picker-container\">\n                                <div class=\"date-box white\">\n                                    <input type=\"text\" id=\"DateStart\" name=\"date_from\" placeholder=\"Start date\">\n                                <\/div>\n                                <div class=\"date-box white\">\n                                    <input type=\"text\" id=\"DateEnd\" name=\"date_to\" placeholder=\"End date\">       \n                                <\/div>\n                            <\/div>\n                        <\/div>\n                        <div class=\"filter-actions\">\n                            <button type=\"button\" id=\"applyFilters\" class=\"toggle-filters-article global-button global-button-white extra\">Apply<\/button>\n                            <div class=\"apply-filter-reset\" id=\"reset-filters\">\n                                <div class=\"reset-title\">Reset filters<\/div>\n                            <\/div>\n                        <\/div>\n                    <\/div>\n                    <input type=\"radio\" id=\"recent\" name=\"recent_arhive\" value=\"recent\" checked>\n                    <input type=\"radio\" id=\"archive\" name=\"recent_arhive\" value=\"archive\">\n                <\/div>\n            <\/div>\n        <\/div>\n        <div class=\"tabs-selector-news\">\n            <label class=\"tabs-news global-button active\" for=\"recent\">\n                <div class=\"icon-tab icon-tab-recent\"><\/div>\n                <div class=\"titlecards\">Recent<\/div>\n            <\/label>\n            <label class=\"tabs-news global-button\" for=\"archive\">\n                <div class=\"icon-tab icon-tab-archive\"><\/div>\n                <div class=\"titlecards\">Archive<\/div>\n            <\/label>\n        <\/div>\n    <\/form>\n    <div class=\"artile-list article-wapp\">\n                        <article class=\"article\">\n                    <a href=\"https:\/\/www.reteleelectrice.ro\/en\/media\/comunicate-de-presa\/retele-electrice-romania-has-launched-a-tender-of-over-156-million-lei-for-vehicles-with-a-working-platform-at-height\/\" class=\"image\">\n                                                <img loading=\"lazy\" decoding=\"async\" width=\"920\" height=\"400\" src=\"https:\/\/www.reteleelectrice.ro\/wp-content\/uploads\/autovehicule-cu-platforma-de-lucru-la-inaltime.webp?w=920\" class=\"attachment-press size-press wp-post-image\" alt=\"\">                    <\/a>\n                    <div class=\"content-press\">\n                        <div class=\"left-press\">\n                            <div class=\"label-category\">\n                                 <div class=\"label\">Press release<\/div>\n                            <\/div>\n                            <a href=\"https:\/\/www.reteleelectrice.ro\/en\/media\/comunicate-de-presa\/retele-electrice-romania-has-launched-a-tender-of-over-156-million-lei-for-vehicles-with-a-working-platform-at-height\/\" class=\"title-list\">Re\u0163ele Electrice Rom\u00e2nia has launched a tender of over 156 million lei for vehicles with a working platform at height<\/a>\n                            <div class=\"post-date\">02 September 2026<\/div>\n                            <div class=\"excerpt-list\"><p>The new machines will allow the company\u2019s teams to intervene faster and in increased safety conditions on the network, reducing the duration of interruptions experienced by customers.<\/p>\n<\/div>\n                        <\/div>\n                        <div class=\"right-press\">\n                                                            <div class=\"document-info\">\n                                    <a href=\"https:\/\/www.reteleelectrice.ro\/wp-content\/uploads\/Retele-Electrice-Romania-has-launched-a-tender-of-over-156-million-lei.pdf\" target=\"_blank\" class=\"right-document document-type-pdf\">\n                                                                                    <div class=\"size-document\">pdf (96.32 KB)<\/div>\n                                                                            <\/a>\n                                <\/div>\n                                <div class=\"download-button\">\n                                    <a href=\"https:\/\/www.reteleelectrice.ro\/wp-content\/uploads\/Retele-Electrice-Romania-has-launched-a-tender-of-over-156-million-lei.pdf\" target=\"_blank\" class=\"global-button global-button-transparent button-arrow-transparent download\">\n                                        Download                                    <\/a>\n                                <\/div>\n                                                    <\/div>\n                    <\/div>\n                <\/article>\n                                <article class=\"article\">\n                    <a href=\"https:\/\/www.reteleelectrice.ro\/en\/media\/comunicate-de-presa\/retele-electrice-romania-invested-over-12-million-lei-for-the-modernization-of-the-azur-transformer-substation\/\" class=\"image\">\n                                                <img loading=\"lazy\" decoding=\"async\" width=\"1368\" height=\"1026\" src=\"https:\/\/www.reteleelectrice.ro\/wp-content\/uploads\/Retele-Electrice-Romania-Statia-Azur.webp?w=1368\" class=\"attachment-press size-press wp-post-image\" alt=\"\">                    <\/a>\n                    <div class=\"content-press\">\n                        <div class=\"left-press\">\n                            <div class=\"label-category\">\n                                 <div class=\"label\">Press release<\/div>\n                            <\/div>\n                            <a href=\"https:\/\/www.reteleelectrice.ro\/en\/media\/comunicate-de-presa\/retele-electrice-romania-invested-over-12-million-lei-for-the-modernization-of-the-azur-transformer-substation\/\" class=\"title-list\">Re\u0163ele Electrice Rom\u00e2nia invested over 12 million lei for the modernization of the Azur transformer substation<\/a>\n                            <div class=\"post-date\">13 August 2026<\/div>\n                            <div class=\"excerpt-list\"><p>Re\u021bele Electrice Rom\u00e2nia, part of the PPC group in Romania, has invested over 12 million lei in modernization works of the 110 kV Azur transformer substation, which serves over 3,400 customers in the eastern area of Timi\u0219oara.<\/p>\n<\/div>\n                        <\/div>\n                        <div class=\"right-press\">\n                                                            <div class=\"document-info\">\n                                    <a href=\"https:\/\/www.reteleelectrice.ro\/wp-content\/uploads\/press-release-retele-electrice-romania-invested-over-12-million-lei.pdf\" target=\"_blank\" class=\"right-document document-type-pdf\">\n                                                                                    <div class=\"size-document\">pdf (71.69 KB)<\/div>\n                                                                            <\/a>\n                                <\/div>\n                                <div class=\"download-button\">\n                                    <a href=\"https:\/\/www.reteleelectrice.ro\/wp-content\/uploads\/press-release-retele-electrice-romania-invested-over-12-million-lei.pdf\" target=\"_blank\" class=\"global-button global-button-transparent button-arrow-transparent download\">\n                                        Download                                    <\/a>\n                                <\/div>\n                                                    <\/div>\n                    <\/div>\n                <\/article>\n                                <article class=\"article\">\n                    <a href=\"https:\/\/www.reteleelectrice.ro\/en\/media\/comunicate-de-presa\/retele-electrice-romania-has-modernized-the-freidorf-transformer-substation-with-investments-of-almost-26-million-lei\/\" class=\"image\">\n                                                <img loading=\"lazy\" decoding=\"async\" width=\"920\" height=\"400\" src=\"https:\/\/www.reteleelectrice.ro\/wp-content\/uploads\/statia-electrica-freidorf.webp?w=920\" class=\"attachment-press size-press wp-post-image\" alt=\"\">                    <\/a>\n                    <div class=\"content-press\">\n                        <div class=\"left-press\">\n                            <div class=\"label-category\">\n                                 <div class=\"label\">Press release<\/div>\n                            <\/div>\n                            <a href=\"https:\/\/www.reteleelectrice.ro\/en\/media\/comunicate-de-presa\/retele-electrice-romania-has-modernized-the-freidorf-transformer-substation-with-investments-of-almost-26-million-lei\/\" class=\"title-list\">Re\u021bele Electrice Rom\u00e2nia has modernized the Freidorf transformer substation, with investments of almost 26 million lei<\/a>\n                            <div class=\"post-date\">24 July 2026<\/div>\n                            <div class=\"excerpt-list\"><p> The investment of 26 million lei is part of the company\u2019s strategy to increase the quality and resilience of the electricity distribution service in its areas of responsibility.<\/p>\n<\/div>\n                        <\/div>\n                        <div class=\"right-press\">\n                                                            <div class=\"document-info\">\n                                    <a href=\"https:\/\/www.reteleelectrice.ro\/wp-content\/uploads\/Press-Release-Retele-Electrice-Romania-has-modernized-the-Freidorf-transformer-substation-2.pdf\" target=\"_blank\" class=\"right-document document-type-pdf\">\n                                                                                    <div class=\"size-document\">pdf (95.21 KB)<\/div>\n                                                                            <\/a>\n                                <\/div>\n                                <div class=\"download-button\">\n                                    <a href=\"https:\/\/www.reteleelectrice.ro\/wp-content\/uploads\/Press-Release-Retele-Electrice-Romania-has-modernized-the-Freidorf-transformer-substation-2.pdf\" target=\"_blank\" class=\"global-button global-button-transparent button-arrow-transparent download\">\n                                        Download                                    <\/a>\n                                <\/div>\n                                                    <\/div>\n                    <\/div>\n                <\/article>\n                                <article class=\"article\">\n                    <a href=\"https:\/\/www.reteleelectrice.ro\/en\/media\/comunicate-de-presa\/retele-electrice-romania-launches-a-tender-worth-up-to-387-million-lei-for-high-voltage-electrical-installation-works\/\" class=\"image\">\n                                                <img loading=\"lazy\" decoding=\"async\" width=\"920\" height=\"400\" src=\"https:\/\/www.reteleelectrice.ro\/wp-content\/uploads\/re-comunica-920x400-1.webp?w=920\" class=\"attachment-press size-press wp-post-image\" alt=\"\">                    <\/a>\n                    <div class=\"content-press\">\n                        <div class=\"left-press\">\n                            <div class=\"label-category\">\n                                 <div class=\"label\">Press release<\/div>\n                            <\/div>\n                            <a href=\"https:\/\/www.reteleelectrice.ro\/en\/media\/comunicate-de-presa\/retele-electrice-romania-launches-a-tender-worth-up-to-387-million-lei-for-high-voltage-electrical-installation-works\/\" class=\"title-list\">Re\u021bele Electrice Rom\u00e2nia launches a tender worth up to 387 million lei for high-voltage electrical installation works<\/a>\n                            <div class=\"post-date\">09 July 2026<\/div>\n                            <div class=\"excerpt-list\"><p>Projects to be carried out include connections, network reinforcements, and the expansion of transformer stations and power lines .<\/p>\n<\/div>\n                        <\/div>\n                        <div class=\"right-press\">\n                                                            <div class=\"document-info\">\n                                    <a href=\"https:\/\/www.reteleelectrice.ro\/wp-content\/uploads\/rer-tender-387-mil-lei.pdf\" target=\"_blank\" class=\"right-document document-type-pdf\">\n                                                                                    <div class=\"size-document\">pdf (74.68 KB)<\/div>\n                                                                            <\/a>\n                                <\/div>\n                                <div class=\"download-button\">\n                                    <a href=\"https:\/\/www.reteleelectrice.ro\/wp-content\/uploads\/rer-tender-387-mil-lei.pdf\" target=\"_blank\" class=\"global-button global-button-transparent button-arrow-transparent download\">\n                                        Download                                    <\/a>\n                                <\/div>\n                                                    <\/div>\n                    <\/div>\n                <\/article>\n                                <article class=\"article\">\n                    <a href=\"https:\/\/www.reteleelectrice.ro\/en\/media\/comunicate-de-presa\/retele-electrice-romania-has-started-the-modernization-works-of-the-energy-distribution-infrastructure-in-the-garana-valiug-trei-ape-area\/\" class=\"image\">\n                                                <img loading=\"lazy\" decoding=\"async\" width=\"920\" height=\"400\" src=\"https:\/\/www.reteleelectrice.ro\/wp-content\/uploads\/Lucrari-de-modernizare-din-zona-Garana-Valiug-Trei-Ape.webp?w=920\" class=\"attachment-press size-press wp-post-image\" alt=\"Electrician execut\u00e2nd lucr\u0103ri \u00eentr-un post de transformare\">                    <\/a>\n                    <div class=\"content-press\">\n                        <div class=\"left-press\">\n                            <div class=\"label-category\">\n                                 <div class=\"label\">Press release<\/div>\n                            <\/div>\n                            <a href=\"https:\/\/www.reteleelectrice.ro\/en\/media\/comunicate-de-presa\/retele-electrice-romania-has-started-the-modernization-works-of-the-energy-distribution-infrastructure-in-the-garana-valiug-trei-ape-area\/\" class=\"title-list\">Re\u0163ele Electrice Rom\u00e2nia has started the modernization works of the energy distribution infrastructure in the G\u0103r\u00e2na-V\u0103liug-Trei Ape area<\/a>\n                            <div class=\"post-date\">20 May 2026<\/div>\n                            <div class=\"excerpt-list\"><p>The electrical networks in question serve customers in Brebu Nou, G\u0103r\u00e2na and the Lake Trei Ape recreational area. The total value of the modernization project is 57.6 million lei (VAT included), with funding partially secured through the Modernization Fund via a grant of up to 37.8 million lei. The estimated duration of the works is 31 months.<\/p>\n<\/div>\n                        <\/div>\n                        <div class=\"right-press\">\n                                                            <div class=\"document-info\">\n                                    <a href=\"https:\/\/www.reteleelectrice.ro\/wp-content\/uploads\/retele-electrice-romania-has-started-the-modernization-works-in-the-garana-valiug-trei-ape-area.pdf\" target=\"_blank\" class=\"right-document document-type-pdf\">\n                                                                                    <div class=\"size-document\">pdf (75.04 KB)<\/div>\n                                                                            <\/a>\n                                <\/div>\n                                <div class=\"download-button\">\n                                    <a href=\"https:\/\/www.reteleelectrice.ro\/wp-content\/uploads\/retele-electrice-romania-has-started-the-modernization-works-in-the-garana-valiug-trei-ape-area.pdf\" target=\"_blank\" class=\"global-button global-button-transparent button-arrow-transparent download\">\n                                        Download                                    <\/a>\n                                <\/div>\n                                                    <\/div>\n                    <\/div>\n                <\/article>\n                                <article class=\"article\">\n                    <a href=\"https:\/\/www.reteleelectrice.ro\/en\/media\/comunicate-de-presa\/retele-electrice-romania-modernized-the-obor-primary-station\/\" class=\"image\">\n                                                <img loading=\"lazy\" decoding=\"async\" width=\"920\" height=\"400\" src=\"https:\/\/www.reteleelectrice.ro\/wp-content\/uploads\/obor-echipamente.webp?w=920\" class=\"attachment-press size-press wp-post-image\" alt=\"Echip\u0103 de electricieni inspect\u00e2nd echipamentele dintr-o sta\u021bie de transformare modernizat\u0103\">                    <\/a>\n                    <div class=\"content-press\">\n                        <div class=\"left-press\">\n                            <div class=\"label-category\">\n                                 <div class=\"label\">Press release<\/div>\n                            <\/div>\n                            <a href=\"https:\/\/www.reteleelectrice.ro\/en\/media\/comunicate-de-presa\/retele-electrice-romania-modernized-the-obor-primary-station\/\" class=\"title-list\">Re\u021bele Electrice Romania modernized the Obor primary station, investing 66 million lei for an electrified future<\/a>\n                            <div class=\"post-date\">28 April 2026<\/div>\n                            <div class=\"excerpt-list\"><p>Bucharest \u2013 Re\u0163ele Electrice Romania, part of the PPC group in Romania, has completed the modernization works for the Obor Station, one of the most complex electricity distribution stations in Bucharest, in order to increase the safety and quality of electricity supply for consumers in the Capital, while preparing the grid for the increased consumption [\u2026]<\/p>\n<\/div>\n                        <\/div>\n                        <div class=\"right-press\">\n                                                            <div class=\"document-info\">\n                                    <a href=\"https:\/\/www.reteleelectrice.ro\/wp-content\/uploads\/obor-station-modernization.pdf\" target=\"_blank\" class=\"right-document document-type-pdf\">\n                                                                                    <div class=\"size-document\">pdf (101.99 KB)<\/div>\n                                                                            <\/a>\n                                <\/div>\n                                <div class=\"download-button\">\n                                    <a href=\"https:\/\/www.reteleelectrice.ro\/wp-content\/uploads\/obor-station-modernization.pdf\" target=\"_blank\" class=\"global-button global-button-transparent button-arrow-transparent download\">\n                                        Download                                    <\/a>\n                                <\/div>\n                                                    <\/div>\n                    <\/div>\n                <\/article>\n                                <article class=\"article\">\n                    <a href=\"https:\/\/www.reteleelectrice.ro\/en\/media\/comunicate-de-presa\/retele-electrice-romania-launches-a-tender-of-up-to-59-million-lei-for-investments-in-the-medium-voltage-network\/\" class=\"image\">\n                                                <img loading=\"lazy\" decoding=\"async\" width=\"920\" height=\"400\" src=\"https:\/\/www.reteleelectrice.ro\/wp-content\/uploads\/Post-de-transformare-anvelopat.webp?w=920\" class=\"attachment-press size-press wp-post-image\" alt=\"Post de transformare \u00een anvelop\u0103 de beton cu celule de medie tensiune \u0219i transformato\">                    <\/a>\n                    <div class=\"content-press\">\n                        <div class=\"left-press\">\n                            <div class=\"label-category\">\n                                 <div class=\"label\">Press release<\/div>\n                            <\/div>\n                            <a href=\"https:\/\/www.reteleelectrice.ro\/en\/media\/comunicate-de-presa\/retele-electrice-romania-launches-a-tender-of-up-to-59-million-lei-for-investments-in-the-medium-voltage-network\/\" class=\"title-list\">Re\u0163ele Electrice Rom\u00e2nia launches a tender of up to 59 million lei for investments in the medium voltage network<\/a>\n                            <div class=\"post-date\">23 April 2026<\/div>\n                            <div class=\"excerpt-list\"><p>The auction aims at the acquisition of fully equipped secondary stations in precast concrete tires that will be used in investment projects carried out between 2026 and 2030.<\/p>\n<\/div>\n                        <\/div>\n                        <div class=\"right-press\">\n                                                            <div class=\"document-info\">\n                                    <a href=\"https:\/\/www.reteleelectrice.ro\/wp-content\/uploads\/rer-59-mil-lei-tender.pdf\" target=\"_blank\" class=\"right-document document-type-pdf\">\n                                                                                    <div class=\"size-document\">pdf (77.38 KB)<\/div>\n                                                                            <\/a>\n                                <\/div>\n                                <div class=\"download-button\">\n                                    <a href=\"https:\/\/www.reteleelectrice.ro\/wp-content\/uploads\/rer-59-mil-lei-tender.pdf\" target=\"_blank\" class=\"global-button global-button-transparent button-arrow-transparent download\">\n                                        Download                                    <\/a>\n                                <\/div>\n                                                    <\/div>\n                    <\/div>\n                <\/article>\n                                <article class=\"article\">\n                    <a href=\"https:\/\/www.reteleelectrice.ro\/en\/media\/comunicate-de-presa\/retele-electrice-romania-launches-a-tender-up-to-45-million-lei-for-the-digitization-of-the-distribution-network\/\" class=\"image\">\n                                                <img loading=\"lazy\" decoding=\"async\" width=\"920\" height=\"400\" src=\"https:\/\/www.reteleelectrice.ro\/wp-content\/uploads\/regiuni-rer.webp?w=920\" class=\"attachment-press size-press wp-post-image\" alt=\"Harta zonelor de distribu\u021bie Re\u021bele Electrice \u2013 jude\u021bele deservite \u00een Banat, Muntenia \u0219i Dobrogea\">                    <\/a>\n                    <div class=\"content-press\">\n                        <div class=\"left-press\">\n                            <div class=\"label-category\">\n                                 <div class=\"label\">Press release<\/div>\n                            <\/div>\n                            <a href=\"https:\/\/www.reteleelectrice.ro\/en\/media\/comunicate-de-presa\/retele-electrice-romania-launches-a-tender-up-to-45-million-lei-for-the-digitization-of-the-distribution-network\/\" class=\"title-list\">Re\u021bele Electrice Romania launches a tender of up to 45 million lei for the digitization of the distribution network<\/a>\n                            <div class=\"post-date\">06 April 2026<\/div>\n                            <div class=\"excerpt-list\"><p>Re\u021bele Electrice Romania launches a tender of up to 45 million lei for the digitization of the distribution network.<\/p>\n<\/div>\n                        <\/div>\n                        <div class=\"right-press\">\n                                                            <div class=\"document-info\">\n                                    <a href=\"https:\/\/www.reteleelectrice.ro\/wp-content\/uploads\/rer-45-mil-lei-tender-grid-digitalization.pdf\" target=\"_blank\" class=\"right-document document-type-pdf\">\n                                                                                    <div class=\"size-document\">pdf (77.80 KB)<\/div>\n                                                                            <\/a>\n                                <\/div>\n                                <div class=\"download-button\">\n                                    <a href=\"https:\/\/www.reteleelectrice.ro\/wp-content\/uploads\/rer-45-mil-lei-tender-grid-digitalization.pdf\" target=\"_blank\" class=\"global-button global-button-transparent button-arrow-transparent download\">\n                                        Download                                    <\/a>\n                                <\/div>\n                                                    <\/div>\n                    <\/div>\n                <\/article>\n                                <article class=\"article\">\n                    <a href=\"https:\/\/www.reteleelectrice.ro\/en\/media\/comunicate-de-presa\/retele-electrice-romania-has-invested-over-1-4-billion-lei-in-2025-in-the-modernization-and-digitalization-of-electricity-distributionnetworks\/\" class=\"image\">\n                                                <img loading=\"lazy\" decoding=\"async\" width=\"920\" height=\"400\" src=\"https:\/\/www.reteleelectrice.ro\/wp-content\/uploads\/electrian-statie-de-transformare-mamaia.webp?w=920\" class=\"attachment-press size-press wp-post-image\" alt=\"Electrician inspect\u00e2nd echipamentele de automatizare din camera de comand\u0103 a sta\u021biei Mamaia\">                    <\/a>\n                    <div class=\"content-press\">\n                        <div class=\"left-press\">\n                            <div class=\"label-category\">\n                                 <div class=\"label\">Press release<\/div>\n                            <\/div>\n                            <a href=\"https:\/\/www.reteleelectrice.ro\/en\/media\/comunicate-de-presa\/retele-electrice-romania-has-invested-over-1-4-billion-lei-in-2025-in-the-modernization-and-digitalization-of-electricity-distributionnetworks\/\" class=\"title-list\">Re\u0163ele Electrice Rom\u00e2nia has invested approximately 1.4 billion lei in 2025 in the modernization and digitalization of electricity distribution networks<\/a>\n                            <div class=\"post-date\">03 April 2026<\/div>\n                            <div class=\"excerpt-list\"><p>Re\u0163ele Electrice Rom\u00e2nia has invested approximately 1.4 billion lei in 2025 in the modernization and digitalization of electricity distribution networks.<\/p>\n<\/div>\n                        <\/div>\n                        <div class=\"right-press\">\n                                                            <div class=\"document-info\">\n                                    <a href=\"https:\/\/www.reteleelectrice.ro\/wp-content\/uploads\/2025-investments-rer.pdf\" target=\"_blank\" class=\"right-document document-type-pdf\">\n                                                                                    <div class=\"size-document\">pdf (96.72 KB)<\/div>\n                                                                            <\/a>\n                                <\/div>\n                                <div class=\"download-button\">\n                                    <a href=\"https:\/\/www.reteleelectrice.ro\/wp-content\/uploads\/2025-investments-rer.pdf\" target=\"_blank\" class=\"global-button global-button-transparent button-arrow-transparent download\">\n                                        Download                                    <\/a>\n                                <\/div>\n                                                    <\/div>\n                    <\/div>\n                <\/article>\n                                <div class=\"pagination\">\n                    <span aria-current=\"page\" class=\"page-numbers current\">1<\/span>\n<a class=\"page-numbers\" href=\"?paged=2\">2<\/a>\n<a class=\"page-numbers\" href=\"?paged=3\">3<\/a>\n<span class=\"page-numbers dots\">\u2026<\/span>\n<a class=\"page-numbers\" href=\"?paged=5\">5<\/a>                <\/div>\n                    <\/div>\n    <div id=\"response_articles\" class=\"article-wapp\"><\/div>\n<\/section>\n\n\n\n<p class=\"wp-block-paragraph\"><\/p>\n<\/body>","protected":false},"excerpt":{"rendered":"<p>Find the latest information about Re\u021bele Electrice Rom\u00e2nia in our press releases.<\/p>\n","protected":false},"author":5,"featured_media":9445,"parent":19217,"menu_order":0,"comment_status":"closed","ping_status":"closed","template":"","meta":{"_acf_changed":false,"footnotes":""},"class_list":["post-19226","page","type-page","status-publish","has-post-thumbnail","hentry"],"acf":[],"yoast_head":"<!-- This site is optimized with the Yoast SEO Premium plugin v23.1 (Yoast SEO v27.8) - https:\/\/yoast.com\/product\/yoast-seo-premium-wordpress\/ -->\n<title>Press releases | Retele Electrice<\/title>\n<meta name=\"description\" content=\"The latest information about Retele Electrice Romania in our press releases.\" \/>\n<meta name=\"robots\" content=\"index, follow, max-snippet:-1, max-image-preview:large, max-video-preview:-1\" \/>\n<link rel=\"canonical\" href=\"https:\/\/www.reteleelectrice.ro\/en\/media\/press-releases\/\" \/>\n<meta property=\"og:locale\" content=\"en_US\" \/>\n<meta property=\"og:type\" content=\"article\" \/>\n<meta property=\"og:title\" content=\"Press Releases | Re\u021bele Electrice\" \/>\n<meta property=\"og:description\" content=\"The latest information about Re\u021bele Electrice Rom\u00e2nia in our press releases.\" \/>\n<meta property=\"og:url\" content=\"https:\/\/www.reteleelectrice.ro\/en\/media\/press-releases\/\" \/>\n<meta property=\"og:site_name\" content=\"reteleelectrice\" \/>\n<meta property=\"article:modified_time\" content=\"2025-09-18T11:24:33+00:00\" \/>\n<meta property=\"og:image\" content=\"https:\/\/www.reteleelectrice.ro\/wp-content\/uploads\/comunicate-de-presa_a29ae5.webp\" \/>\n\t<meta property=\"og:image:width\" content=\"920\" \/>\n\t<meta property=\"og:image:height\" content=\"400\" \/>\n\t<meta property=\"og:image:type\" content=\"image\/webp\" \/>\n<meta name=\"twitter:card\" content=\"summary_large_image\" \/>\n<meta name=\"twitter:title\" content=\"Press Releases | Re\u021bele Electrice\" \/>\n<meta name=\"twitter:description\" content=\"The latest information about Re\u021bele Electrice Rom\u00e2nia in our press releases.\" \/>\n<meta name=\"twitter:label1\" content=\"Est. reading time\" \/>\n\t<meta name=\"twitter:data1\" content=\"1 minute\" \/>\n<script type=\"application\/ld+json\" class=\"yoast-schema-graph\">{\"@context\":\"https:\\\/\\\/schema.org\",\"@graph\":[{\"@type\":\"WebPage\",\"@id\":\"https:\\\/\\\/www.reteleelectrice.ro\\\/en\\\/media\\\/press-releases\\\/\",\"url\":\"https:\\\/\\\/www.reteleelectrice.ro\\\/en\\\/media\\\/press-releases\\\/\",\"name\":\"Press releases | Retele Electrice\",\"isPartOf\":{\"@id\":\"https:\\\/\\\/www.reteleelectrice.ro\\\/#website\"},\"primaryImageOfPage\":{\"@id\":\"https:\\\/\\\/www.reteleelectrice.ro\\\/en\\\/media\\\/press-releases\\\/#primaryimage\"},\"image\":{\"@id\":\"https:\\\/\\\/www.reteleelectrice.ro\\\/en\\\/media\\\/press-releases\\\/#primaryimage\"},\"thumbnailUrl\":\"https:\\\/\\\/www.reteleelectrice.ro\\\/wp-content\\\/uploads\\\/comunicate-de-presa_a29ae5.webp\",\"datePublished\":\"2024-10-10T12:45:23+00:00\",\"dateModified\":\"2025-09-18T11:24:33+00:00\",\"description\":\"The latest information about Retele Electrice Romania in our press releases.\",\"breadcrumb\":{\"@id\":\"https:\\\/\\\/www.reteleelectrice.ro\\\/en\\\/media\\\/press-releases\\\/#breadcrumb\"},\"inLanguage\":\"en-US\",\"potentialAction\":[{\"@type\":\"ReadAction\",\"target\":[\"https:\\\/\\\/www.reteleelectrice.ro\\\/en\\\/media\\\/press-releases\\\/\"]}]},{\"@type\":\"ImageObject\",\"inLanguage\":\"en-US\",\"@id\":\"https:\\\/\\\/www.reteleelectrice.ro\\\/en\\\/media\\\/press-releases\\\/#primaryimage\",\"url\":\"https:\\\/\\\/www.reteleelectrice.ro\\\/wp-content\\\/uploads\\\/comunicate-de-presa_a29ae5.webp\",\"contentUrl\":\"https:\\\/\\\/www.reteleelectrice.ro\\\/wp-content\\\/uploads\\\/comunicate-de-presa_a29ae5.webp\",\"width\":920,\"height\":400,\"caption\":\"High-voltage pole painted red and white, against a blue sky background.\"},{\"@type\":\"BreadcrumbList\",\"@id\":\"https:\\\/\\\/www.reteleelectrice.ro\\\/en\\\/media\\\/press-releases\\\/#breadcrumb\",\"itemListElement\":[{\"@type\":\"ListItem\",\"position\":1,\"name\":\"Home\",\"item\":\"https:\\\/\\\/www.reteleelectrice.ro\\\/en\\\/\"},{\"@type\":\"ListItem\",\"position\":2,\"name\":\"Media\",\"item\":\"https:\\\/\\\/www.reteleelectrice.ro\\\/en\\\/media\\\/\"},{\"@type\":\"ListItem\",\"position\":3,\"name\":\"Press releases\"}]},{\"@type\":\"WebSite\",\"@id\":\"https:\\\/\\\/www.reteleelectrice.ro\\\/#website\",\"url\":\"https:\\\/\\\/www.reteleelectrice.ro\\\/\",\"name\":\"reteleelectrice\",\"description\":\"\",\"potentialAction\":[{\"@type\":\"SearchAction\",\"target\":{\"@type\":\"EntryPoint\",\"urlTemplate\":\"https:\\\/\\\/www.reteleelectrice.ro\\\/?s={search_term_string}\"},\"query-input\":{\"@type\":\"PropertyValueSpecification\",\"valueRequired\":true,\"valueName\":\"search_term_string\"}}],\"inLanguage\":\"en-US\"}]}<\/script>\n<!-- \/ Yoast SEO Premium plugin. -->","yoast_head_json":{"title":"Press releases | Retele Electrice","description":"The latest information about Retele Electrice Romania in our press releases.","robots":{"index":"index","follow":"follow","max-snippet":"max-snippet:-1","max-image-preview":"max-image-preview:large","max-video-preview":"max-video-preview:-1"},"canonical":"https:\/\/www.reteleelectrice.ro\/en\/media\/press-releases\/","og_locale":"en_US","og_type":"article","og_title":"Press Releases | Re\u021bele Electrice","og_description":"The latest information about Re\u021bele Electrice Rom\u00e2nia in our press releases.","og_url":"https:\/\/www.reteleelectrice.ro\/en\/media\/press-releases\/","og_site_name":"reteleelectrice","article_modified_time":"2025-09-18T11:24:33+00:00","og_image":[{"width":920,"height":400,"url":"https:\/\/www.reteleelectrice.ro\/wp-content\/uploads\/comunicate-de-presa_a29ae5.webp","type":"image\/webp"}],"twitter_card":"summary_large_image","twitter_title":"Press Releases | Re\u021bele Electrice","twitter_description":"The latest information about Re\u021bele Electrice Rom\u00e2nia in our press releases.","twitter_misc":{"Est. reading time":"1 minute"},"schema":{"@context":"https:\/\/schema.org","@graph":[{"@type":"WebPage","@id":"https:\/\/www.reteleelectrice.ro\/en\/media\/press-releases\/","url":"https:\/\/www.reteleelectrice.ro\/en\/media\/press-releases\/","name":"Press releases | Retele Electrice","isPartOf":{"@id":"https:\/\/www.reteleelectrice.ro\/#website"},"primaryImageOfPage":{"@id":"https:\/\/www.reteleelectrice.ro\/en\/media\/press-releases\/#primaryimage"},"image":{"@id":"https:\/\/www.reteleelectrice.ro\/en\/media\/press-releases\/#primaryimage"},"thumbnailUrl":"https:\/\/www.reteleelectrice.ro\/wp-content\/uploads\/comunicate-de-presa_a29ae5.webp","datePublished":"2024-10-10T12:45:23+00:00","dateModified":"2025-09-18T11:24:33+00:00","description":"The latest information about Retele Electrice Romania in our press releases.","breadcrumb":{"@id":"https:\/\/www.reteleelectrice.ro\/en\/media\/press-releases\/#breadcrumb"},"inLanguage":"en-US","potentialAction":[{"@type":"ReadAction","target":["https:\/\/www.reteleelectrice.ro\/en\/media\/press-releases\/"]}]},{"@type":"ImageObject","inLanguage":"en-US","@id":"https:\/\/www.reteleelectrice.ro\/en\/media\/press-releases\/#primaryimage","url":"https:\/\/www.reteleelectrice.ro\/wp-content\/uploads\/comunicate-de-presa_a29ae5.webp","contentUrl":"https:\/\/www.reteleelectrice.ro\/wp-content\/uploads\/comunicate-de-presa_a29ae5.webp","width":920,"height":400,"caption":"High-voltage pole painted red and white, against a blue sky background."},{"@type":"BreadcrumbList","@id":"https:\/\/www.reteleelectrice.ro\/en\/media\/press-releases\/#breadcrumb","itemListElement":[{"@type":"ListItem","position":1,"name":"Home","item":"https:\/\/www.reteleelectrice.ro\/en\/"},{"@type":"ListItem","position":2,"name":"Media","item":"https:\/\/www.reteleelectrice.ro\/en\/media\/"},{"@type":"ListItem","position":3,"name":"Press releases"}]},{"@type":"WebSite","@id":"https:\/\/www.reteleelectrice.ro\/#website","url":"https:\/\/www.reteleelectrice.ro\/","name":"reteleelectrice","description":"","potentialAction":[{"@type":"SearchAction","target":{"@type":"EntryPoint","urlTemplate":"https:\/\/www.reteleelectrice.ro\/?s={search_term_string}"},"query-input":{"@type":"PropertyValueSpecification","valueRequired":true,"valueName":"search_term_string"}}],"inLanguage":"en-US"}]}},"parsely":{"version":"1.1.0","canonical_url":"https:\/\/reteleelectrice.ro\/en\/media\/press-releases\/","smart_links":{"inbound":0,"outbound":0},"traffic_boost_suggestions_count":0,"meta":{"@context":"https:\/\/schema.org","@type":"WebPage","headline":"Press releases","url":"http:\/\/www.reteleelectrice.ro\/en\/media\/press-releases\/","mainEntityOfPage":{"@type":"WebPage","@id":"http:\/\/www.reteleelectrice.ro\/en\/media\/press-releases\/"},"thumbnailUrl":"https:\/\/www.reteleelectrice.ro\/wp-content\/uploads\/comunicate-de-presa_a29ae5.webp?w=150&h=150&crop=1","image":{"@type":"ImageObject","url":"https:\/\/www.reteleelectrice.ro\/wp-content\/uploads\/comunicate-de-presa_a29ae5.webp"},"articleSection":"Uncategorized","author":[{"@type":"Person","name":"valexe"}],"creator":["valexe"],"publisher":{"@type":"Organization","name":"reteleelectrice","logo":""},"keywords":[],"dateCreated":"2024-10-10T12:45:23Z","datePublished":"2024-10-10T12:45:23Z","dateModified":"2025-09-18T11:24:33Z"},"rendered":"<script type=\"application\/ld+json\" class=\"wp-parsely-metadata\">{\"@context\":\"https:\\\/\\\/schema.org\",\"@type\":\"WebPage\",\"headline\":\"Press releases\",\"url\":\"http:\\\/\\\/www.reteleelectrice.ro\\\/en\\\/media\\\/press-releases\\\/\",\"mainEntityOfPage\":{\"@type\":\"WebPage\",\"@id\":\"http:\\\/\\\/www.reteleelectrice.ro\\\/en\\\/media\\\/press-releases\\\/\"},\"thumbnailUrl\":\"https:\\\/\\\/www.reteleelectrice.ro\\\/wp-content\\\/uploads\\\/comunicate-de-presa_a29ae5.webp?w=150&h=150&crop=1\",\"image\":{\"@type\":\"ImageObject\",\"url\":\"https:\\\/\\\/www.reteleelectrice.ro\\\/wp-content\\\/uploads\\\/comunicate-de-presa_a29ae5.webp\"},\"articleSection\":\"Uncategorized\",\"author\":[{\"@type\":\"Person\",\"name\":\"valexe\"}],\"creator\":[\"valexe\"],\"publisher\":{\"@type\":\"Organization\",\"name\":\"reteleelectrice\",\"logo\":\"\"},\"keywords\":[],\"dateCreated\":\"2024-10-10T12:45:23Z\",\"datePublished\":\"2024-10-10T12:45:23Z\",\"dateModified\":\"2025-09-18T11:24:33Z\"}<\/script>","tracker_url":"https:\/\/cdn.parsely.com\/keys\/reteleelectrice.ro\/p.js"},"jetpack_sharing_enabled":true,"_links":{"self":[{"href":"https:\/\/www.reteleelectrice.ro\/en\/wp-json\/wp\/v2\/pages\/19226","targetHints":{"allow":["GET"]}}],"collection":[{"href":"https:\/\/www.reteleelectrice.ro\/en\/wp-json\/wp\/v2\/pages"}],"about":[{"href":"https:\/\/www.reteleelectrice.ro\/en\/wp-json\/wp\/v2\/types\/page"}],"author":[{"embeddable":true,"href":"https:\/\/www.reteleelectrice.ro\/en\/wp-json\/wp\/v2\/users\/5"}],"replies":[{"embeddable":true,"href":"https:\/\/www.reteleelectrice.ro\/en\/wp-json\/wp\/v2\/comments?post=19226"}],"version-history":[{"count":4,"href":"https:\/\/www.reteleelectrice.ro\/en\/wp-json\/wp\/v2\/pages\/19226\/revisions"}],"predecessor-version":[{"id":22898,"href":"https:\/\/www.reteleelectrice.ro\/en\/wp-json\/wp\/v2\/pages\/19226\/revisions\/22898"}],"up":[{"embeddable":true,"href":"https:\/\/www.reteleelectrice.ro\/en\/wp-json\/wp\/v2\/pages\/19217"}],"wp:featuredmedia":[{"embeddable":true,"href":"https:\/\/www.reteleelectrice.ro\/en\/wp-json\/wp\/v2\/media\/9445"}],"wp:attachment":[{"href":"https:\/\/www.reteleelectrice.ro\/en\/wp-json\/wp\/v2\/media?parent=19226"}],"curies":[{"name":"wp","href":"https:\/\/api.w.org\/{rel}","templated":true}]}}