{"id":17621,"date":"2024-08-23T13:36:25","date_gmt":"2024-08-23T13:36:25","guid":{"rendered":"https:\/\/www.reteleelectrice.ro\/media\/comunicate-de-presa\/intreruperi-temporare-in-alimentarea-cu-energie-electrica-in-caras-severin-pentru-trecerea-in-siguranta-a-unui-transport-agabaritic\/"},"modified":"2025-07-18T08:24:03","modified_gmt":"2025-07-18T08:24:03","slug":"intreruperi-temporare-in-alimentarea-cu-energie-electrica-in-caras-severin-pentru-trecerea-in-siguranta-a-unui-transport-agabaritic","status":"publish","type":"comunicate-de-presa","link":"https:\/\/www.reteleelectrice.ro\/en\/media\/comunicate-de-presa\/intreruperi-temporare-in-alimentarea-cu-energie-electrica-in-caras-severin-pentru-trecerea-in-siguranta-a-unui-transport-agabaritic\/","title":{"rendered":"\u00centreruperi temporare \u00een alimentarea cu energie electric\u0103 \u00een Cara\u0219-Severin pentru trecerea \u00een siguran\u021b\u0103 a unui transport agabaritic"},"content":{"rendered":"<body><p><strong>Timi\u0219oara <\/strong>\u2013 Compania Re\u021bele Electrice Banat anun\u021b\u0103 c\u0103 \u00een perioada 21-23 august, \u00eencep\u00e2nd cu ora 8, va fi nevoit\u0103 s\u0103 efectueze o serie de \u00eentreruperi temporare ale aliment\u0103rii cu energie electric\u0103 \u00een mai multe localit\u0103\u021bi din jude\u021bul Cara\u0219-Severin, pentru a permite derularea \u00een condi\u021bii de siguran\u021b\u0103 a unui transport agabaritic av\u00e2nd ca destina\u021bie localitatea Mintia.<\/p>\n\n\n\n<p><\/p>\n\n\n\n<figure class=\"wp-block-image size-large is-resized has-custom-border\"><img loading=\"lazy\" decoding=\"async\" height=\"536\" width=\"1024\" src=\"http:\/\/www.reteleelectrice.ro\/wp-content\/uploads\/intreruperi-temporare-in-alimentarea-cu-energie-electrica-in-caras-severin-pentru-trecerea-in-siguranta-a-unui-transport-agabaritic.webp?w=1024\" alt=\"\" class=\"wp-image-2665\" style=\"border-radius:12px;width:1024px;height:auto\" srcset=\"https:\/\/www.reteleelectrice.ro\/wp-content\/uploads\/intreruperi-temporare-in-alimentarea-cu-energie-electrica-in-caras-severin-pentru-trecerea-in-siguranta-a-unui-transport-agabaritic.webp 1200w, https:\/\/www.reteleelectrice.ro\/wp-content\/uploads\/intreruperi-temporare-in-alimentarea-cu-energie-electrica-in-caras-severin-pentru-trecerea-in-siguranta-a-unui-transport-agabaritic.webp?resize=300,157 300w, https:\/\/www.reteleelectrice.ro\/wp-content\/uploads\/intreruperi-temporare-in-alimentarea-cu-energie-electrica-in-caras-severin-pentru-trecerea-in-siguranta-a-unui-transport-agabaritic.webp?resize=768,402 768w, https:\/\/www.reteleelectrice.ro\/wp-content\/uploads\/intreruperi-temporare-in-alimentarea-cu-energie-electrica-in-caras-severin-pentru-trecerea-in-siguranta-a-unui-transport-agabaritic.webp?resize=1024,536 1024w, https:\/\/www.reteleelectrice.ro\/wp-content\/uploads\/intreruperi-temporare-in-alimentarea-cu-energie-electrica-in-caras-severin-pentru-trecerea-in-siguranta-a-unui-transport-agabaritic.webp?resize=126,66 126w\" sizes=\"auto, (max-width: 1024px) 100vw, 1024px\" \/><\/figure>\n\n\n\n<div style=\"height:18px\" aria-hidden=\"true\" class=\"wp-block-spacer\"><\/div>\n\n\n\n<p>Astfel, echipe ale Re\u021bele Electrice se vor afla pe teren \u00een perioada 21-23 august 2024, pentru a realiza manevrele de \u00eentrerupere \u0219i de repunere \u00een func\u021biune a re\u021belelor electrice aflate pe traseul echipamentelor de mare \u00een\u0103l\u021bime.<\/p>\n\n\n\n<p>Men\u021bion\u0103m c\u0103 durata \u00eentreruperilor va fi \u00een general de maximum dou\u0103 ore \u00een fiecare zon\u0103, \u00een func\u021bie de trecerile pe care le vor efectua vehiculele de mare tonaj \u00eenc\u0103rcate cu echipamente \u00een zona re\u021belelor electrice aeriene, precum \u0219i de configura\u021bia acestora \u00een zonele respective.<\/p>\n\n\n\n<p>Regret\u0103m nepl\u0103cerile resim\u021bite de clien\u021bii no\u0219tri, persoane fizice \u0219i agen\u021bi economici, \u0219i \u00eei asigur\u0103m c\u0103 depunem toate eforturile pentru a asigura condi\u021bii de siguran\u021b\u0103 la trecerea vehiculelor men\u021bionate anterior, astfel \u00eenc\u00e2t s\u0103 prevenim eventuale incidente, precum \u0219i pentru a restabili alimentarea cu energie electric\u0103 \u00een cel mai scurt timp posibil din punct de vedere al siguran\u021bei.<\/p>\n\n\n\n<p>\u00centruc\u00e2t timpii de trecere a transportului agabaritic pot varia din motive independente de activitatea Re\u021bele Electrice Banat, programul \u0219i durata \u00eentreruperilor pentru fiecare localitate poate varia. De asemenea, \u00een cele mai multe cazuri nu va fi scoas\u0103 de sub tensiune re\u021beaua care alimenteaz\u0103 integral localit\u0103\u021bile men\u021bionate, ci doar o parte a acesteia.<\/p>\n\n\n\n<p>Urm\u0103toarele\u00a0<strong>localit\u0103\u021bi din jude\u021bul Cara\u0219-Severin<\/strong>\u00a0se afl\u0103 pe traseul de transport:<\/p>\n\n\n\n<p>\u2022 Naid\u0103\u0219, Vama N\u0103ida\u0219, Lescovi\u021ba, R\u0103c\u0103\u0219dia, Ciclova Rom\u00e2n\u0103, Ciclova Montan\u0103, Rachi\u021bova, Bro\u0219teni, Gr\u0103dinari, Greoni, Comor\u0103\u0219te, L\u0103\u021buna\u0219<\/p>\n\n\n\n<p>\u2022 Oravi\u021ba: Str\u0103zile R\u0103c\u0103\u0219diei, Clo\u0219ca, Livezilor, Cantonului, Avram Iancu, Bo\u0219teniului, Eftimie Murgu, Cri\u0219an, Zorilor, Gr\u0103dinilor, Spitalului, Timi\u0219orii, Andrei \u0218aguna<\/p>\n\n\n\n<p>\u2022 \u0218acu, Caravan, Jupa, Iaz, Ciuta, Obreja, Glimboca, Cire\u0219a, Z\u0103voi, V. Bistrei, Voislova, Vama Marga, B\u0103utar<\/p>\n\n\n\n<p>Mai multe detalii despre \u00eentreruperile programate \u00een jude\u021bele Timi\u0219, Cara\u0219-Severin \u0219i Hunedoara sunt disponibile aici:\u00a0<a href=\"https:\/\/www.reteleelectrice.ro\/en\/outages\/planned\/\">https:\/\/www.reteleelectrice.ro\/intreruperi\/programate\/<\/a>.<\/p>\n\n\n\n<p>Companiile\u00a0<strong>Re\u021bele Electrice<\/strong>\u00a0opereaz\u0103 re\u021bele cu o lungime total\u0103 de circa 134.000 de kilometri \u00een trei zone importante ale \u021b\u0103rii: Muntenia Sud (inclusiv Bucure\u0219ti), Banat \u0219i Dobrogea, acoperind o treime din pia\u021ba local\u0103 de distribu\u021bie, \u0219i dezvolt\u0103 un program de investi\u021bii pentru \u00eembun\u0103t\u0103\u021birea calit\u0103\u021bii serviciilor, siguran\u021ba \u0219i performan\u021ba re\u021belelor \u0219i implementarea local\u0103 a standardelor de mediu ale grupului PPC. Re\u021belele electrice operate de c\u0103tre cele trei companii Re\u021bele Electrice num\u0103r\u0103 289 de sta\u021bii de transformare \u0219i peste 25.000 de posturi de transformare.<\/p>\n<\/body>","protected":false},"excerpt":{"rendered":"<p>Compania Re\u021bele Electrice Banat anun\u021b\u0103 c\u0103 \u00een perioada 21-23 august, \u00eencep\u00e2nd cu ora 8, va fi nevoit\u0103 s\u0103 efectueze o serie de \u00eentreruperi temporare ale aliment\u0103rii cu energie electric\u0103 \u00een mai multe localit\u0103\u021bi din jude\u021bul Cara\u0219-Severin, pentru a permite derularea \u00een condi\u021bii de siguran\u021b\u0103 a unui transport agabaritic av\u00e2nd ca destina\u021bie localitatea Mintia.<\/p>\n","protected":false},"featured_media":2669,"template":"","tags":[],"categorie-comunicate-de-presa":[],"class_list":["post-17621","comunicate-de-presa","type-comunicate-de-presa","status-publish","has-post-thumbnail","hentry"],"acf":[],"yoast_head":"<!-- This site is optimized with the Yoast SEO Premium plugin v23.1 (Yoast SEO v27.1.1) - https:\/\/yoast.com\/product\/yoast-seo-premium-wordpress\/ -->\n<title>Timis, Caras Severin si Hunedoara: intreruperi temporare din cauza unui transport agabaritic<\/title>\n<meta name=\"description\" content=\"Intreruperi temporare in alimentarea cu energie electrica in judetele Timis, Caras Severin si Hunedoara pentru trecerea in siguranta a unui transport agabaritic.\" \/>\n<meta name=\"robots\" content=\"index, follow, max-snippet:-1, max-image-preview:large, max-video-preview:-1\" \/>\n<link rel=\"canonical\" href=\"https:\/\/www.reteleelectrice.ro\/en\/media\/comunicate-de-presa\/intreruperi-temporare-in-alimentarea-cu-energie-electrica-in-caras-severin-pentru-trecerea-in-siguranta-a-unui-transport-agabaritic\/\" \/>\n<meta property=\"og:locale\" content=\"en_US\" \/>\n<meta property=\"og:type\" content=\"article\" \/>\n<meta property=\"og:title\" content=\"Timis, Caras Severin si Hunedoara: intreruperi temporare din cauza unui transport agabaritic\" \/>\n<meta property=\"og:description\" content=\"Intreruperi temporare in alimentarea cu energie electrica in judetele Timis, Caras Severin si Hunedoara pentru trecerea in siguranta a unui transport agabaritic.\" \/>\n<meta property=\"og:url\" content=\"https:\/\/www.reteleelectrice.ro\/en\/media\/comunicate-de-presa\/intreruperi-temporare-in-alimentarea-cu-energie-electrica-in-caras-severin-pentru-trecerea-in-siguranta-a-unui-transport-agabaritic\/\" \/>\n<meta property=\"og:site_name\" content=\"reteleelectrice\" \/>\n<meta property=\"article:modified_time\" content=\"2025-07-18T08:24:03+00:00\" \/>\n<meta property=\"og:image\" content=\"https:\/\/www.reteleelectrice.ro\/wp-content\/uploads\/intreruperi-temporare-in-alimentarea-cu-energie-electrica-in-caras-severin-pentru-trecerea-in-siguranta-a-unui-transport-agabaritic_eb7c9f.webp\" \/>\n\t<meta property=\"og:image:width\" content=\"1200\" \/>\n\t<meta property=\"og:image:height\" content=\"628\" \/>\n\t<meta property=\"og:image:type\" content=\"image\/webp\" \/>\n<meta name=\"twitter:card\" content=\"summary_large_image\" \/>\n<meta name=\"twitter:title\" content=\"Timis, Caras Severin si Hunedoara: intreruperi temporare din cauza unui transport agabaritic\" \/>\n<meta name=\"twitter:description\" content=\"Intreruperi temporare in alimentarea cu energie electrica in judetele Timis, Caras Severin si Hunedoara pentru trecerea in siguranta a unui transport agabaritic.\" \/>\n<meta name=\"twitter:label1\" content=\"Est. reading time\" \/>\n\t<meta name=\"twitter:data1\" content=\"3 minutes\" \/>\n<script type=\"application\/ld+json\" class=\"yoast-schema-graph\">{\"@context\":\"https:\/\/schema.org\",\"@graph\":[{\"@type\":\"WebPage\",\"@id\":\"https:\/\/www.reteleelectrice.ro\/en\/media\/comunicate-de-presa\/intreruperi-temporare-in-alimentarea-cu-energie-electrica-in-caras-severin-pentru-trecerea-in-siguranta-a-unui-transport-agabaritic\/\",\"url\":\"https:\/\/www.reteleelectrice.ro\/en\/media\/comunicate-de-presa\/intreruperi-temporare-in-alimentarea-cu-energie-electrica-in-caras-severin-pentru-trecerea-in-siguranta-a-unui-transport-agabaritic\/\",\"name\":\"Timis, Caras Severin si Hunedoara: intreruperi temporare din cauza unui transport agabaritic\",\"isPartOf\":{\"@id\":\"https:\/\/www.reteleelectrice.ro\/#website\"},\"primaryImageOfPage\":{\"@id\":\"https:\/\/www.reteleelectrice.ro\/en\/media\/comunicate-de-presa\/intreruperi-temporare-in-alimentarea-cu-energie-electrica-in-caras-severin-pentru-trecerea-in-siguranta-a-unui-transport-agabaritic\/#primaryimage\"},\"image\":{\"@id\":\"https:\/\/www.reteleelectrice.ro\/en\/media\/comunicate-de-presa\/intreruperi-temporare-in-alimentarea-cu-energie-electrica-in-caras-severin-pentru-trecerea-in-siguranta-a-unui-transport-agabaritic\/#primaryimage\"},\"thumbnailUrl\":\"https:\/\/www.reteleelectrice.ro\/wp-content\/uploads\/intreruperi-temporare-in-alimentarea-cu-energie-electrica-in-caras-severin-pentru-trecerea-in-siguranta-a-unui-transport-agabaritic_eb7c9f.webp\",\"datePublished\":\"2024-08-23T13:36:25+00:00\",\"dateModified\":\"2025-07-18T08:24:03+00:00\",\"description\":\"Intreruperi temporare in alimentarea cu energie electrica in judetele Timis, Caras Severin si Hunedoara pentru trecerea in siguranta a unui transport agabaritic.\",\"breadcrumb\":{\"@id\":\"https:\/\/www.reteleelectrice.ro\/en\/media\/comunicate-de-presa\/intreruperi-temporare-in-alimentarea-cu-energie-electrica-in-caras-severin-pentru-trecerea-in-siguranta-a-unui-transport-agabaritic\/#breadcrumb\"},\"inLanguage\":\"en-US\",\"potentialAction\":[{\"@type\":\"ReadAction\",\"target\":[\"https:\/\/www.reteleelectrice.ro\/en\/media\/comunicate-de-presa\/intreruperi-temporare-in-alimentarea-cu-energie-electrica-in-caras-severin-pentru-trecerea-in-siguranta-a-unui-transport-agabaritic\/\"]}]},{\"@type\":\"ImageObject\",\"inLanguage\":\"en-US\",\"@id\":\"https:\/\/www.reteleelectrice.ro\/en\/media\/comunicate-de-presa\/intreruperi-temporare-in-alimentarea-cu-energie-electrica-in-caras-severin-pentru-trecerea-in-siguranta-a-unui-transport-agabaritic\/#primaryimage\",\"url\":\"https:\/\/www.reteleelectrice.ro\/wp-content\/uploads\/intreruperi-temporare-in-alimentarea-cu-energie-electrica-in-caras-severin-pentru-trecerea-in-siguranta-a-unui-transport-agabaritic_eb7c9f.webp\",\"contentUrl\":\"https:\/\/www.reteleelectrice.ro\/wp-content\/uploads\/intreruperi-temporare-in-alimentarea-cu-energie-electrica-in-caras-severin-pentru-trecerea-in-siguranta-a-unui-transport-agabaritic_eb7c9f.webp\",\"width\":1200,\"height\":628,\"caption\":\"Temporary electricity outage in Timi\u0219, Cara\u0219-Severin and Hunedoara counties.\"},{\"@type\":\"BreadcrumbList\",\"@id\":\"https:\/\/www.reteleelectrice.ro\/en\/media\/comunicate-de-presa\/intreruperi-temporare-in-alimentarea-cu-energie-electrica-in-caras-severin-pentru-trecerea-in-siguranta-a-unui-transport-agabaritic\/#breadcrumb\",\"itemListElement\":[{\"@type\":\"ListItem\",\"position\":1,\"name\":\"Home\",\"item\":\"https:\/\/www.reteleelectrice.ro\/en\/\"},{\"@type\":\"ListItem\",\"position\":2,\"name\":\"\u00centreruperi temporare \u00een alimentarea cu energie electric\u0103 \u00een Cara\u0219-Severin pentru trecerea \u00een siguran\u021b\u0103 a unui transport agabaritic\"}]},{\"@type\":\"WebSite\",\"@id\":\"https:\/\/www.reteleelectrice.ro\/#website\",\"url\":\"https:\/\/www.reteleelectrice.ro\/\",\"name\":\"reteleelectrice\",\"description\":\"\",\"potentialAction\":[{\"@type\":\"SearchAction\",\"target\":{\"@type\":\"EntryPoint\",\"urlTemplate\":\"https:\/\/www.reteleelectrice.ro\/?s={search_term_string}\"},\"query-input\":{\"@type\":\"PropertyValueSpecification\",\"valueRequired\":true,\"valueName\":\"search_term_string\"}}],\"inLanguage\":\"en-US\"}]}<\/script>\n<!-- \/ Yoast SEO Premium plugin. -->","yoast_head_json":{"title":"Timis, Caras Severin si Hunedoara: intreruperi temporare din cauza unui transport agabaritic","description":"Intreruperi temporare in alimentarea cu energie electrica in judetele Timis, Caras Severin si Hunedoara pentru trecerea in siguranta a unui transport agabaritic.","robots":{"index":"index","follow":"follow","max-snippet":"max-snippet:-1","max-image-preview":"max-image-preview:large","max-video-preview":"max-video-preview:-1"},"canonical":"https:\/\/www.reteleelectrice.ro\/en\/media\/comunicate-de-presa\/intreruperi-temporare-in-alimentarea-cu-energie-electrica-in-caras-severin-pentru-trecerea-in-siguranta-a-unui-transport-agabaritic\/","og_locale":"en_US","og_type":"article","og_title":"Timis, Caras Severin si Hunedoara: intreruperi temporare din cauza unui transport agabaritic","og_description":"Intreruperi temporare in alimentarea cu energie electrica in judetele Timis, Caras Severin si Hunedoara pentru trecerea in siguranta a unui transport agabaritic.","og_url":"https:\/\/www.reteleelectrice.ro\/en\/media\/comunicate-de-presa\/intreruperi-temporare-in-alimentarea-cu-energie-electrica-in-caras-severin-pentru-trecerea-in-siguranta-a-unui-transport-agabaritic\/","og_site_name":"reteleelectrice","article_modified_time":"2025-07-18T08:24:03+00:00","og_image":[{"width":1200,"height":628,"url":"https:\/\/www.reteleelectrice.ro\/wp-content\/uploads\/intreruperi-temporare-in-alimentarea-cu-energie-electrica-in-caras-severin-pentru-trecerea-in-siguranta-a-unui-transport-agabaritic_eb7c9f.webp","type":"image\/webp"}],"twitter_card":"summary_large_image","twitter_title":"Timis, Caras Severin si Hunedoara: intreruperi temporare din cauza unui transport agabaritic","twitter_description":"Intreruperi temporare in alimentarea cu energie electrica in judetele Timis, Caras Severin si Hunedoara pentru trecerea in siguranta a unui transport agabaritic.","twitter_misc":{"Est. reading time":"3 minutes"},"schema":{"@context":"https:\/\/schema.org","@graph":[{"@type":"WebPage","@id":"https:\/\/www.reteleelectrice.ro\/en\/media\/comunicate-de-presa\/intreruperi-temporare-in-alimentarea-cu-energie-electrica-in-caras-severin-pentru-trecerea-in-siguranta-a-unui-transport-agabaritic\/","url":"https:\/\/www.reteleelectrice.ro\/en\/media\/comunicate-de-presa\/intreruperi-temporare-in-alimentarea-cu-energie-electrica-in-caras-severin-pentru-trecerea-in-siguranta-a-unui-transport-agabaritic\/","name":"Timis, Caras Severin si Hunedoara: intreruperi temporare din cauza unui transport agabaritic","isPartOf":{"@id":"https:\/\/www.reteleelectrice.ro\/#website"},"primaryImageOfPage":{"@id":"https:\/\/www.reteleelectrice.ro\/en\/media\/comunicate-de-presa\/intreruperi-temporare-in-alimentarea-cu-energie-electrica-in-caras-severin-pentru-trecerea-in-siguranta-a-unui-transport-agabaritic\/#primaryimage"},"image":{"@id":"https:\/\/www.reteleelectrice.ro\/en\/media\/comunicate-de-presa\/intreruperi-temporare-in-alimentarea-cu-energie-electrica-in-caras-severin-pentru-trecerea-in-siguranta-a-unui-transport-agabaritic\/#primaryimage"},"thumbnailUrl":"https:\/\/www.reteleelectrice.ro\/wp-content\/uploads\/intreruperi-temporare-in-alimentarea-cu-energie-electrica-in-caras-severin-pentru-trecerea-in-siguranta-a-unui-transport-agabaritic_eb7c9f.webp","datePublished":"2024-08-23T13:36:25+00:00","dateModified":"2025-07-18T08:24:03+00:00","description":"Intreruperi temporare in alimentarea cu energie electrica in judetele Timis, Caras Severin si Hunedoara pentru trecerea in siguranta a unui transport agabaritic.","breadcrumb":{"@id":"https:\/\/www.reteleelectrice.ro\/en\/media\/comunicate-de-presa\/intreruperi-temporare-in-alimentarea-cu-energie-electrica-in-caras-severin-pentru-trecerea-in-siguranta-a-unui-transport-agabaritic\/#breadcrumb"},"inLanguage":"en-US","potentialAction":[{"@type":"ReadAction","target":["https:\/\/www.reteleelectrice.ro\/en\/media\/comunicate-de-presa\/intreruperi-temporare-in-alimentarea-cu-energie-electrica-in-caras-severin-pentru-trecerea-in-siguranta-a-unui-transport-agabaritic\/"]}]},{"@type":"ImageObject","inLanguage":"en-US","@id":"https:\/\/www.reteleelectrice.ro\/en\/media\/comunicate-de-presa\/intreruperi-temporare-in-alimentarea-cu-energie-electrica-in-caras-severin-pentru-trecerea-in-siguranta-a-unui-transport-agabaritic\/#primaryimage","url":"https:\/\/www.reteleelectrice.ro\/wp-content\/uploads\/intreruperi-temporare-in-alimentarea-cu-energie-electrica-in-caras-severin-pentru-trecerea-in-siguranta-a-unui-transport-agabaritic_eb7c9f.webp","contentUrl":"https:\/\/www.reteleelectrice.ro\/wp-content\/uploads\/intreruperi-temporare-in-alimentarea-cu-energie-electrica-in-caras-severin-pentru-trecerea-in-siguranta-a-unui-transport-agabaritic_eb7c9f.webp","width":1200,"height":628,"caption":"Temporary electricity outage in Timi\u0219, Cara\u0219-Severin and Hunedoara counties."},{"@type":"BreadcrumbList","@id":"https:\/\/www.reteleelectrice.ro\/en\/media\/comunicate-de-presa\/intreruperi-temporare-in-alimentarea-cu-energie-electrica-in-caras-severin-pentru-trecerea-in-siguranta-a-unui-transport-agabaritic\/#breadcrumb","itemListElement":[{"@type":"ListItem","position":1,"name":"Home","item":"https:\/\/www.reteleelectrice.ro\/en\/"},{"@type":"ListItem","position":2,"name":"\u00centreruperi temporare \u00een alimentarea cu energie electric\u0103 \u00een Cara\u0219-Severin pentru trecerea \u00een siguran\u021b\u0103 a unui transport agabaritic"}]},{"@type":"WebSite","@id":"https:\/\/www.reteleelectrice.ro\/#website","url":"https:\/\/www.reteleelectrice.ro\/","name":"reteleelectrice","description":"","potentialAction":[{"@type":"SearchAction","target":{"@type":"EntryPoint","urlTemplate":"https:\/\/www.reteleelectrice.ro\/?s={search_term_string}"},"query-input":{"@type":"PropertyValueSpecification","valueRequired":true,"valueName":"search_term_string"}}],"inLanguage":"en-US"}]}},"jetpack_sharing_enabled":true,"_links":{"self":[{"href":"https:\/\/www.reteleelectrice.ro\/en\/wp-json\/wp\/v2\/comunicate-de-presa\/17621","targetHints":{"allow":["GET"]}}],"collection":[{"href":"https:\/\/www.reteleelectrice.ro\/en\/wp-json\/wp\/v2\/comunicate-de-presa"}],"about":[{"href":"https:\/\/www.reteleelectrice.ro\/en\/wp-json\/wp\/v2\/types\/comunicate-de-presa"}],"version-history":[{"count":1,"href":"https:\/\/www.reteleelectrice.ro\/en\/wp-json\/wp\/v2\/comunicate-de-presa\/17621\/revisions"}],"predecessor-version":[{"id":17622,"href":"https:\/\/www.reteleelectrice.ro\/en\/wp-json\/wp\/v2\/comunicate-de-presa\/17621\/revisions\/17622"}],"wp:featuredmedia":[{"embeddable":true,"href":"https:\/\/www.reteleelectrice.ro\/en\/wp-json\/wp\/v2\/media\/2669"}],"wp:attachment":[{"href":"https:\/\/www.reteleelectrice.ro\/en\/wp-json\/wp\/v2\/media?parent=17621"}],"wp:term":[{"taxonomy":"post_tag","embeddable":true,"href":"https:\/\/www.reteleelectrice.ro\/en\/wp-json\/wp\/v2\/tags?post=17621"},{"taxonomy":"categorie-comunicate-de-presa","embeddable":true,"href":"https:\/\/www.reteleelectrice.ro\/en\/wp-json\/wp\/v2\/categorie-comunicate-de-presa?post=17621"}],"curies":[{"name":"wp","href":"https:\/\/api.w.org\/{rel}","templated":true}]}}